{"version":"1.0","provider_name":"Zenanya","provider_url":"https:\/\/zenanya.cafeblog.hu","author_name":"Zenanya","author_url":"https:\/\/zenanya.cafeblog.hu\/author\/zenany\/","title":"Egy \u00e9ves a Zenanya","html":"<a href=\"https:\/\/zenanya.cafeblog.hu\/2013\/05\/13\/hello-vilag\/\" target=\"_blank\">Egy \u00e9vvel ezel\u0151tt<\/a> kezdtem el a blogot \u00edrni. Els\u0151sorban az\u00e9rt, hogy rendszerezzem a saj\u00e1t gondolataimat. M\u00e1sodsorban pedig, hogy legyen valami, ami lek\u00f6ti a f\u00f6l\u00f6sleges kreat\u00edv energi\u00e1m. Akkor m\u00e9g csak \"Kerestem a Zen-t\", de most egy \u00e9vvel k\u00e9s\u0151bb \u00fagy gondolom, hogy nagyon j\u00f3 \u00faton j\u00e1rok, hogy meg is tal\u00e1ljam. Hittem abban, hogy \"minden nap egy kis l\u00e9p\u00e9s\" pozit\u00edv v\u00e1ltoz\u00e1sokat hoz, de engem is meglepett, hogy mennyi mindent siker\u00fclt el\u00e9rnem, el\u00e9rn\u00fcnk:\r\n\r\n&nbsp;\r\n<ul>\r\n\t<li>Megszabadultunk a f\u00f6l\u00f6sleges holmijaink nagy r\u00e9sz\u00e9t\u0151l.<\/li>\r\n\t<li>A rendszeres mozg\u00e1snak, a tudatos \u00e9tkez\u00e9snek, na \u00e9s persze a k\u00e9t kisfiamnak, mint szem\u00e9lyi edz\u0151knek k\u00f6sz\u00f6nhet\u0151en, visszanyertem a \"versenys\u00falyom\".<\/li>\r\n\t<li>Sokkal tudatosabban vezetj\u00fck az \u00e9let\u00fcnket. \u00cdgy t\u00f6bb id\u0151nk, energi\u00e1nk marad egym\u00e1sra \u00e9s a hobbijainkra is.<\/li>\r\n\t<li>Nem rohanunk, megpr\u00f3b\u00e1ljuk ki\u00e9lvezni az \u00e9let\u00fcnk minden perc\u00e9t.<\/li>\r\n<\/ul>\r\n&nbsp;\r\n\r\nA Blog eredm\u00e9nyei:\r\n\r\n&nbsp;\r\n<ul>\r\n\t<li>T\u00f6bb, mint 7000 olvas\u00f3.<\/li>\r\n\t<li>T\u00f6bb, mint 600 like a Facebookon.<\/li>\r\n\t<li>Beker\u00fclt a Cafeblog VIP blogjai k\u00f6z\u00e9.<\/li>\r\n<\/ul>\r\n&nbsp;\r\n\r\nA tov\u00e1bbiakban is folytatom az \u00edr\u00e1st, mert \u00e9lvezem \u00e9s rengeteg pozit\u00edv v\u00e1ltoz\u00e1st hozott az \u00e9let\u00fcnkben. Titkon rem\u00e9lem, hogy azoknak is siker\u00fcl n\u00e9h\u00e1ny j\u00f3 pillanatot szereznem, akik olvass\u00e1k a bejegyz\u00e9seim. K\u00f6sz\u00f6net \u00e9rte!\r\n\r\n<a href=\"https:\/\/zenanya.cafeblog.hu\/files\/2014\/05\/65812e0d163e83769c18a73085fd72b3.jpg\"><img class=\"alignnone size-medium wp-image-387\" alt=\"65812e0d163e83769c18a73085fd72b3\" src=\"https:\/\/zenanya.cafeblog.hu\/files\/2014\/05\/65812e0d163e83769c18a73085fd72b3-200x300.jpg\" width=\"200\" height=\"300\" \/><\/a>","type":"rich"}